{"id":742,"date":"2017-03-19T19:34:32","date_gmt":"2017-03-19T18:34:32","guid":{"rendered":"http:\/\/fotogruppe-bayreuth.de\/?page_id=742"},"modified":"2017-04-19T13:51:08","modified_gmt":"2017-04-19T12:51:08","slug":"heimo-wolf","status":"publish","type":"page","link":"http:\/\/fotogruppe-bayreuth.de\/index.php\/ueber-uns\/heimo-wolf\/","title":{"rendered":"Heimo Wolf"},"content":{"rendered":"<p><span style=\"font-family: Arial,sans-serif;\"><span style=\"font-size: medium;\"><b>Fotografische Laufbahn<a href=\"http:\/\/fotogruppe-bayreuth.de\/wp-content\/uploads\/2017\/03\/neu-40d-heimo-selbst-012-e1489948415870.jpg\"><img loading=\"lazy\" decoding=\"async\" class=\"size-medium wp-image-752 alignright\" src=\"http:\/\/fotogruppe-bayreuth.de\/wp-content\/uploads\/2017\/03\/neu-40d-heimo-selbst-012-300x211.jpg\" alt=\"\" width=\"300\" height=\"211\" \/><\/a><\/b><\/span><\/span><\/p>\n<p><span style=\"font-family: Arial,sans-serif;\"><span style=\"font-size: medium;\">Erblich pr\u00e4destiniert durch die Gro\u00dfv\u00e4ter<\/span><\/span><\/p>\n<p><span style=\"font-family: Arial,sans-serif;\"><span style=\"font-size: medium;\">Werde schon immer wieder von \u201eBildern angesprungen\u201c<\/span><\/span><\/p>\n<p><span style=\"font-family: Arial,sans-serif;\"><span style=\"font-size: medium;\"><b>Lieblings-Fotoausr\u00fcstung<\/b><\/span><\/span><\/p>\n<p><span style=\"font-family: Arial,sans-serif;\"><span style=\"font-size: medium;\">Spiegelreflextechnisch &#8211; Canon <\/span><\/span><\/p>\n<p><span style=\"font-family: Arial,sans-serif;\"><span style=\"font-size: medium;\">Kompakt &#8211; Sonys und Panasonics<\/span><\/span><\/p>\n<p><span style=\"font-family: Arial,sans-serif;\"><span style=\"font-size: medium;\">Motto &#8211; So klein und gut wie m\u00f6glich \u2013 Hauptsache dabei<\/span><\/span><\/p>\n<p><span style=\"font-family: Arial,sans-serif;\"><span style=\"font-size: medium;\"><b>Was ist typisch f\u00fcr Deine Bilder<\/b><\/span><\/span><\/p>\n<p><span style=\"font-family: Arial,sans-serif;\"><span style=\"font-size: medium;\">Mainstream uninteressant<\/span><\/span><\/p>\n<p>&nbsp;<\/p>\n<p>&nbsp;<\/p>\n\n\t\t<style type=\"text\/css\">\n\t\t\t#gallery-1 {\n\t\t\t\tmargin: auto;\n\t\t\t}\n\t\t\t#gallery-1 .gallery-item {\n\t\t\t\tfloat: left;\n\t\t\t\tmargin-top: 10px;\n\t\t\t\ttext-align: center;\n\t\t\t\twidth: 33%;\n\t\t\t}\n\t\t\t#gallery-1 img {\n\t\t\t\tborder: 2px solid #cfcfcf;\n\t\t\t}\n\t\t\t#gallery-1 .gallery-caption {\n\t\t\t\tmargin-left: 0;\n\t\t\t}\n\t\t\t\/* see gallery_shortcode() in wp-includes\/media.php *\/\n\t\t<\/style>\n\t\t<div id='gallery-1' class='gallery galleryid-742 gallery-columns-3 gallery-size-thumbnail'><dl class='gallery-item'>\n\t\t\t<dt class='gallery-icon portrait'>\n\t\t\t\t<a title=\"003\" href='http:\/\/fotogruppe-bayreuth.de\/wp-content\/uploads\/2017\/03\/003-e1489947594176.jpg'><img loading=\"lazy\" decoding=\"async\" width=\"150\" height=\"150\" src=\"http:\/\/fotogruppe-bayreuth.de\/wp-content\/uploads\/2017\/03\/003-150x150.jpg\" class=\"attachment-thumbnail size-thumbnail\" alt=\"\" \/><\/a>\n\t\t\t<\/dt><\/dl><dl class='gallery-item'>\n\t\t\t<dt class='gallery-icon landscape'>\n\t\t\t\t<a title=\"006\" href='http:\/\/fotogruppe-bayreuth.de\/wp-content\/uploads\/2017\/03\/006-e1489947780743.jpg'><img loading=\"lazy\" decoding=\"async\" width=\"150\" height=\"150\" src=\"http:\/\/fotogruppe-bayreuth.de\/wp-content\/uploads\/2017\/03\/006-150x150.jpg\" class=\"attachment-thumbnail size-thumbnail\" alt=\"\" \/><\/a>\n\t\t\t<\/dt><\/dl><dl class='gallery-item'>\n\t\t\t<dt class='gallery-icon portrait'>\n\t\t\t\t<a title=\"007\" href='http:\/\/fotogruppe-bayreuth.de\/wp-content\/uploads\/2017\/03\/007-e1489947899106.jpg'><img loading=\"lazy\" decoding=\"async\" width=\"150\" height=\"150\" src=\"http:\/\/fotogruppe-bayreuth.de\/wp-content\/uploads\/2017\/03\/007-150x150.jpg\" class=\"attachment-thumbnail size-thumbnail\" alt=\"\" \/><\/a>\n\t\t\t<\/dt><\/dl><br style=\"clear: both\" \/><dl class='gallery-item'>\n\t\t\t<dt class='gallery-icon portrait'>\n\t\t\t\t<a title=\"008\" href='http:\/\/fotogruppe-bayreuth.de\/wp-content\/uploads\/2017\/03\/008-e1489947996281.jpg'><img loading=\"lazy\" decoding=\"async\" width=\"150\" height=\"150\" src=\"http:\/\/fotogruppe-bayreuth.de\/wp-content\/uploads\/2017\/03\/008-150x150.jpg\" class=\"attachment-thumbnail size-thumbnail\" alt=\"\" \/><\/a>\n\t\t\t<\/dt><\/dl><dl class='gallery-item'>\n\t\t\t<dt class='gallery-icon portrait'>\n\t\t\t\t<a title=\"009\" href='http:\/\/fotogruppe-bayreuth.de\/wp-content\/uploads\/2017\/03\/009-e1489948110432.jpg'><img loading=\"lazy\" decoding=\"async\" width=\"150\" height=\"150\" src=\"http:\/\/fotogruppe-bayreuth.de\/wp-content\/uploads\/2017\/03\/009-e1489948110432-150x150.jpg\" class=\"attachment-thumbnail size-thumbnail\" alt=\"\" \/><\/a>\n\t\t\t<\/dt><\/dl><dl class='gallery-item'>\n\t\t\t<dt class='gallery-icon portrait'>\n\t\t\t\t<a title=\"001\" href='http:\/\/fotogruppe-bayreuth.de\/wp-content\/uploads\/2017\/03\/001-e1489948165450.jpg'><img loading=\"lazy\" decoding=\"async\" width=\"150\" height=\"150\" src=\"http:\/\/fotogruppe-bayreuth.de\/wp-content\/uploads\/2017\/03\/001-150x150.jpg\" class=\"attachment-thumbnail size-thumbnail\" alt=\"\" \/><\/a>\n\t\t\t<\/dt><\/dl><br style=\"clear: both\" \/><dl class='gallery-item'>\n\t\t\t<dt class='gallery-icon landscape'>\n\t\t\t\t<a title=\"002\" href='http:\/\/fotogruppe-bayreuth.de\/wp-content\/uploads\/2017\/03\/002-e1489948198904.jpg'><img loading=\"lazy\" decoding=\"async\" width=\"150\" height=\"150\" src=\"http:\/\/fotogruppe-bayreuth.de\/wp-content\/uploads\/2017\/03\/002-150x150.jpg\" class=\"attachment-thumbnail size-thumbnail\" alt=\"\" \/><\/a>\n\t\t\t<\/dt><\/dl><dl class='gallery-item'>\n\t\t\t<dt class='gallery-icon landscape'>\n\t\t\t\t<a title=\"004\" href='http:\/\/fotogruppe-bayreuth.de\/wp-content\/uploads\/2017\/03\/004-e1489947609646.jpg'><img loading=\"lazy\" decoding=\"async\" width=\"150\" height=\"150\" src=\"http:\/\/fotogruppe-bayreuth.de\/wp-content\/uploads\/2017\/03\/004-150x150.jpg\" class=\"attachment-thumbnail size-thumbnail\" alt=\"\" \/><\/a>\n\t\t\t<\/dt><\/dl><dl class='gallery-item'>\n\t\t\t<dt class='gallery-icon landscape'>\n\t\t\t\t<a title=\"005\" href='http:\/\/fotogruppe-bayreuth.de\/wp-content\/uploads\/2017\/03\/005-e1489947625564.jpg'><img loading=\"lazy\" decoding=\"async\" width=\"150\" height=\"150\" src=\"http:\/\/fotogruppe-bayreuth.de\/wp-content\/uploads\/2017\/03\/005-150x150.jpg\" class=\"attachment-thumbnail size-thumbnail\" alt=\"\" \/><\/a>\n\t\t\t<\/dt><\/dl><br style=\"clear: both\" \/>\n\t\t<\/div>\n\n<p><span style=\"font-family: Trebuchet MS,sans-serif;\"><span style=\"font-size: large;\">Mainstream uninteressant<\/span><\/span><\/p>\n","protected":false},"excerpt":{"rendered":"<p>Fotografische Laufbahn Erblich pr\u00e4destiniert durch die Gro\u00dfv\u00e4ter Werde schon immer wieder von \u201eBildern angesprungen\u201c Lieblings-Fotoausr\u00fcstung Spiegelreflextechnisch &#8211; Canon Kompakt &#8211; Sonys und Panasonics Motto &#8211; So klein und gut wie m\u00f6glich \u2013 Hauptsache dabei Was ist typisch f\u00fcr Deine Bilder Mainstream uninteressant &nbsp; &nbsp; Mainstream uninteressant<\/p>\n","protected":false},"author":4,"featured_media":0,"parent":2,"menu_order":0,"comment_status":"closed","ping_status":"closed","template":"","meta":{"footnotes":""},"class_list":["post-742","page","type-page","status-publish","hentry"],"aioseo_notices":[],"_links":{"self":[{"href":"http:\/\/fotogruppe-bayreuth.de\/index.php\/wp-json\/wp\/v2\/pages\/742","targetHints":{"allow":["GET"]}}],"collection":[{"href":"http:\/\/fotogruppe-bayreuth.de\/index.php\/wp-json\/wp\/v2\/pages"}],"about":[{"href":"http:\/\/fotogruppe-bayreuth.de\/index.php\/wp-json\/wp\/v2\/types\/page"}],"author":[{"embeddable":true,"href":"http:\/\/fotogruppe-bayreuth.de\/index.php\/wp-json\/wp\/v2\/users\/4"}],"replies":[{"embeddable":true,"href":"http:\/\/fotogruppe-bayreuth.de\/index.php\/wp-json\/wp\/v2\/comments?post=742"}],"version-history":[{"count":5,"href":"http:\/\/fotogruppe-bayreuth.de\/index.php\/wp-json\/wp\/v2\/pages\/742\/revisions"}],"predecessor-version":[{"id":891,"href":"http:\/\/fotogruppe-bayreuth.de\/index.php\/wp-json\/wp\/v2\/pages\/742\/revisions\/891"}],"up":[{"embeddable":true,"href":"http:\/\/fotogruppe-bayreuth.de\/index.php\/wp-json\/wp\/v2\/pages\/2"}],"wp:attachment":[{"href":"http:\/\/fotogruppe-bayreuth.de\/index.php\/wp-json\/wp\/v2\/media?parent=742"}],"curies":[{"name":"wp","href":"https:\/\/api.w.org\/{rel}","templated":true}]}}